{"id":7994,"count":1,"description":"","link":"https:\/\/voelkerrechtsblog.org\/de\/authors\/emilija-branda\/","name":"Em\u012blija Branda","slug":"emilija-branda","taxonomy":"authors","meta":[],"acf":{"detail_group":{"image":{"ID":28509,"id":28509,"title":"[:en]Branda-Emilija.xdbde97a3-5[:]","filename":"Branda-Emilija.xdbde97a3-5.jpg","filesize":64372,"url":"https:\/\/voelkerrechtsblog.org\/wp-content\/uploads\/2026\/04\/Branda-Emilija.xdbde97a3-5.jpg","link":"https:\/\/voelkerrechtsblog.org\/de\/branda-emilija-xdbde97a3-5\/","alt":"","author":"17","description":"","caption":"","name":"branda-emilija-xdbde97a3-5","status":"inherit","uploaded_to":0,"date":"2026-04-28 19:31:55","modified":"2026-04-28 19:31:55","menu_order":0,"mime_type":"image\/jpeg","type":"image","subtype":"jpeg","icon":"https:\/\/voelkerrechtsblog.org\/wp-includes\/images\/media\/default.png","width":800,"height":800,"sizes":{"thumbnail":"https:\/\/voelkerrechtsblog.org\/wp-content\/uploads\/2026\/04\/Branda-Emilija.xdbde97a3-5-150x150.jpg","thumbnail-width":150,"thumbnail-height":150,"medium":"https:\/\/voelkerrechtsblog.org\/wp-content\/uploads\/2026\/04\/Branda-Emilija.xdbde97a3-5-600x600.jpg","medium-width":600,"medium-height":600,"medium_large":"https:\/\/voelkerrechtsblog.org\/wp-content\/uploads\/2026\/04\/Branda-Emilija.xdbde97a3-5.jpg","medium_large-width":800,"medium_large-height":800,"large":"https:\/\/voelkerrechtsblog.org\/wp-content\/uploads\/2026\/04\/Branda-Emilija.xdbde97a3-5.jpg","large-width":800,"large-height":800,"1536x1536":"https:\/\/voelkerrechtsblog.org\/wp-content\/uploads\/2026\/04\/Branda-Emilija.xdbde97a3-5.jpg","1536x1536-width":800,"1536x1536-height":800,"2048x2048":"https:\/\/voelkerrechtsblog.org\/wp-content\/uploads\/2026\/04\/Branda-Emilija.xdbde97a3-5.jpg","2048x2048-width":800,"2048x2048-height":800,"2k":"https:\/\/voelkerrechtsblog.org\/wp-content\/uploads\/2026\/04\/Branda-Emilija.xdbde97a3-5.jpg","2k-width":800,"2k-height":800,"1600":"https:\/\/voelkerrechtsblog.org\/wp-content\/uploads\/2026\/04\/Branda-Emilija.xdbde97a3-5.jpg","1600-width":800,"1600-height":800,"small":"https:\/\/voelkerrechtsblog.org\/wp-content\/uploads\/2026\/04\/Branda-Emilija.xdbde97a3-5-375x375.jpg","small-width":375,"small-height":375,"tyny":"https:\/\/voelkerrechtsblog.org\/wp-content\/uploads\/2026\/04\/Branda-Emilija.xdbde97a3-5-150x150.jpg","tyny-width":150,"tyny-height":150,"cptm_icon":"https:\/\/voelkerrechtsblog.org\/wp-content\/uploads\/2026\/04\/Branda-Emilija.xdbde97a3-5-16x16.jpg","cptm_icon-width":16,"cptm_icon-height":16},"original_image":null},"first_name":"Em\u012blija","last_name":"Branda","location":"","short_profile":"<p>Em\u012blija Branda is a PhD researcher at the European University Institute and an Editor at V\u00f6lkerrechtsblog. Her research interests include international human rights law, the European Court of Human Rights, national identity, and intersections between law and history.<\/p>\n","social_media":false}},"meta_box":[],"_links":{"self":[{"href":"https:\/\/voelkerrechtsblog.org\/de\/wp-json\/wp\/v2\/authors\/7994","targetHints":{"allow":["GET"]}}],"collection":[{"href":"https:\/\/voelkerrechtsblog.org\/de\/wp-json\/wp\/v2\/authors"}],"about":[{"href":"https:\/\/voelkerrechtsblog.org\/de\/wp-json\/wp\/v2\/taxonomies\/authors"}],"wp:post_type":[{"href":"https:\/\/voelkerrechtsblog.org\/de\/wp-json\/wp\/v2\/posts?authors=7994"},{"href":"https:\/\/voelkerrechtsblog.org\/de\/wp-json\/wp\/v2\/articles?authors=7994"}],"curies":[{"name":"wp","href":"https:\/\/api.w.org\/{rel}","templated":true}]}}