{"id":6710,"count":2,"description":"","link":"https:\/\/voelkerrechtsblog.org\/de\/authors\/laura-kraft\/","name":"Laura Kraft","slug":"laura-kraft","taxonomy":"authors","meta":[],"acf":{"detail_group":{"image":{"ID":27395,"id":27395,"title":"[:de]Laura-Kraft-scaled-aspect-ratio-1-1[:]","filename":"Laura-Kraft-scaled-aspect-ratio-1-1-1.jpg","filesize":181065,"url":"https:\/\/voelkerrechtsblog.org\/wp-content\/uploads\/2026\/02\/Laura-Kraft-scaled-aspect-ratio-1-1-1.jpg","link":"https:\/\/voelkerrechtsblog.org\/de\/laura-kraft-scaled-aspect-ratio-1-1-2\/","alt":"","author":"37","description":"","caption":"","name":"laura-kraft-scaled-aspect-ratio-1-1-2","status":"inherit","uploaded_to":0,"date":"2026-02-09 11:05:13","modified":"2026-02-09 11:05:13","menu_order":0,"mime_type":"image\/jpeg","type":"image","subtype":"jpeg","icon":"https:\/\/voelkerrechtsblog.org\/wp-includes\/images\/media\/default.png","width":1644,"height":1644,"sizes":{"thumbnail":"https:\/\/voelkerrechtsblog.org\/wp-content\/uploads\/2026\/02\/Laura-Kraft-scaled-aspect-ratio-1-1-1-150x150.jpg","thumbnail-width":150,"thumbnail-height":150,"medium":"https:\/\/voelkerrechtsblog.org\/wp-content\/uploads\/2026\/02\/Laura-Kraft-scaled-aspect-ratio-1-1-1-600x600.jpg","medium-width":600,"medium-height":600,"medium_large":"https:\/\/voelkerrechtsblog.org\/wp-content\/uploads\/2026\/02\/Laura-Kraft-scaled-aspect-ratio-1-1-1.jpg","medium_large-width":1644,"medium_large-height":1644,"large":"https:\/\/voelkerrechtsblog.org\/wp-content\/uploads\/2026\/02\/Laura-Kraft-scaled-aspect-ratio-1-1-1-1200x1200.jpg","large-width":1200,"large-height":1200,"1536x1536":"https:\/\/voelkerrechtsblog.org\/wp-content\/uploads\/2026\/02\/Laura-Kraft-scaled-aspect-ratio-1-1-1-1536x1536.jpg","1536x1536-width":1536,"1536x1536-height":1536,"2048x2048":"https:\/\/voelkerrechtsblog.org\/wp-content\/uploads\/2026\/02\/Laura-Kraft-scaled-aspect-ratio-1-1-1.jpg","2048x2048-width":1644,"2048x2048-height":1644,"2k":"https:\/\/voelkerrechtsblog.org\/wp-content\/uploads\/2026\/02\/Laura-Kraft-scaled-aspect-ratio-1-1-1.jpg","2k-width":1644,"2k-height":1644,"1600":"https:\/\/voelkerrechtsblog.org\/wp-content\/uploads\/2026\/02\/Laura-Kraft-scaled-aspect-ratio-1-1-1.jpg","1600-width":1600,"1600-height":1600,"small":"https:\/\/voelkerrechtsblog.org\/wp-content\/uploads\/2026\/02\/Laura-Kraft-scaled-aspect-ratio-1-1-1-375x375.jpg","small-width":375,"small-height":375,"tyny":"https:\/\/voelkerrechtsblog.org\/wp-content\/uploads\/2026\/02\/Laura-Kraft-scaled-aspect-ratio-1-1-1-150x150.jpg","tyny-width":150,"tyny-height":150,"cptm_icon":"https:\/\/voelkerrechtsblog.org\/wp-content\/uploads\/2026\/02\/Laura-Kraft-scaled-aspect-ratio-1-1-1-16x16.jpg","cptm_icon-width":16,"cptm_icon-height":16},"original_image":{"ID":27393,"id":27393,"title":"[:de]Laura Kraft[:]","filename":"Laura-Kraft-scaled.jpg","filesize":241094,"url":"https:\/\/voelkerrechtsblog.org\/wp-content\/uploads\/2026\/02\/Laura-Kraft-scaled.jpg","link":"https:\/\/voelkerrechtsblog.org\/de\/laura-kraft\/","alt":"","author":"37","description":"","caption":"","name":"laura-kraft","status":"inherit","uploaded_to":0,"date":"2026-02-09 11:04:02","modified":"2026-02-09 11:04:02","menu_order":0,"mime_type":"image\/jpeg","type":"image","subtype":"jpeg","icon":"https:\/\/voelkerrechtsblog.org\/wp-includes\/images\/media\/default.png","width":2560,"height":1707,"sizes":{"thumbnail":"https:\/\/voelkerrechtsblog.org\/wp-content\/uploads\/2026\/02\/Laura-Kraft-150x150.jpg","thumbnail-width":150,"thumbnail-height":150,"medium":"https:\/\/voelkerrechtsblog.org\/wp-content\/uploads\/2026\/02\/Laura-Kraft-600x400.jpg","medium-width":600,"medium-height":400,"medium_large":"https:\/\/voelkerrechtsblog.org\/wp-content\/uploads\/2026\/02\/Laura-Kraft-scaled.jpg","medium_large-width":2560,"medium_large-height":1707,"large":"https:\/\/voelkerrechtsblog.org\/wp-content\/uploads\/2026\/02\/Laura-Kraft-1200x800.jpg","large-width":1200,"large-height":800,"1536x1536":"https:\/\/voelkerrechtsblog.org\/wp-content\/uploads\/2026\/02\/Laura-Kraft-1536x1024.jpg","1536x1536-width":1536,"1536x1536-height":1024,"2048x2048":"https:\/\/voelkerrechtsblog.org\/wp-content\/uploads\/2026\/02\/Laura-Kraft-2048x1366.jpg","2048x2048-width":2048,"2048x2048-height":1366,"2k":"https:\/\/voelkerrechtsblog.org\/wp-content\/uploads\/2026\/02\/Laura-Kraft-2000x1333.jpg","2k-width":2000,"2k-height":1333,"1600":"https:\/\/voelkerrechtsblog.org\/wp-content\/uploads\/2026\/02\/Laura-Kraft-scaled.jpg","1600-width":1600,"1600-height":1067,"small":"https:\/\/voelkerrechtsblog.org\/wp-content\/uploads\/2026\/02\/Laura-Kraft-375x250.jpg","small-width":375,"small-height":250,"tyny":"https:\/\/voelkerrechtsblog.org\/wp-content\/uploads\/2026\/02\/Laura-Kraft-150x100.jpg","tyny-width":150,"tyny-height":100,"cptm_icon":"https:\/\/voelkerrechtsblog.org\/wp-content\/uploads\/2026\/02\/Laura-Kraft-16x16.jpg","cptm_icon-width":16,"cptm_icon-height":16}}},"first_name":"Laura","last_name":"Kraft","location":"","short_profile":"<p>Laura Kraft ist Doktorandin und wissenschaftliche Mitarbeiterin am Max-Planck-Institut f\u00fcr ausl\u00e4ndisches \u00f6ffentliches Recht und V\u00f6lkerrecht in Heidelberg. Sie studierte Rechtswissenschaften an der Freien Universit\u00e4t Berlin und der University of New South Wales in Sydney und hat einen Master of Science in Refugee and Forced Migration Studies von der University of Oxford.<\/p>\n","social_media":[{"network":"LinkedIn","url":"https:\/\/www.linkedin.com\/in\/laura-kraft-710a79197\/"}]}},"meta_box":[],"_links":{"self":[{"href":"https:\/\/voelkerrechtsblog.org\/de\/wp-json\/wp\/v2\/authors\/6710","targetHints":{"allow":["GET"]}}],"collection":[{"href":"https:\/\/voelkerrechtsblog.org\/de\/wp-json\/wp\/v2\/authors"}],"about":[{"href":"https:\/\/voelkerrechtsblog.org\/de\/wp-json\/wp\/v2\/taxonomies\/authors"}],"wp:post_type":[{"href":"https:\/\/voelkerrechtsblog.org\/de\/wp-json\/wp\/v2\/posts?authors=6710"},{"href":"https:\/\/voelkerrechtsblog.org\/de\/wp-json\/wp\/v2\/articles?authors=6710"}],"curies":[{"name":"wp","href":"https:\/\/api.w.org\/{rel}","templated":true}]}}