{"id":3728,"count":2,"description":"","link":"https:\/\/voelkerrechtsblog.org\/de\/authors\/marco-sassoli\/","name":"Marco Sass\u00f2li","slug":"marco-sassoli","taxonomy":"authors","meta":[],"acf":{"first_name":"Marco","last_name":"Sass\u00f2li","location":"","detail_group":{"image":{"ID":18743,"id":18743,"title":"[:en]Marco-aspect-ratio-1-1[:]","filename":"Marco-aspect-ratio-1-1.png","filesize":3971329,"url":"https:\/\/voelkerrechtsblog.org\/wp-content\/uploads\/2022\/11\/Marco-aspect-ratio-1-1.png","link":"https:\/\/voelkerrechtsblog.org\/de\/marco-aspect-ratio-1-1\/","alt":"","author":"15","description":"","caption":"","name":"marco-aspect-ratio-1-1","status":"inherit","uploaded_to":0,"date":"2022-11-10 17:54:59","modified":"2022-11-10 17:54:59","menu_order":0,"mime_type":"image\/png","type":"image","subtype":"png","icon":"https:\/\/voelkerrechtsblog.org\/wp-includes\/images\/media\/default.png","width":2383,"height":2382,"sizes":{"thumbnail":"https:\/\/voelkerrechtsblog.org\/wp-content\/uploads\/2022\/11\/Marco-aspect-ratio-1-1-150x150.png","thumbnail-width":150,"thumbnail-height":150,"medium":"https:\/\/voelkerrechtsblog.org\/wp-content\/uploads\/2022\/11\/Marco-aspect-ratio-1-1-600x600.png","medium-width":600,"medium-height":600,"medium_large":"https:\/\/voelkerrechtsblog.org\/wp-content\/uploads\/2022\/11\/Marco-aspect-ratio-1-1.png","medium_large-width":2383,"medium_large-height":2382,"large":"https:\/\/voelkerrechtsblog.org\/wp-content\/uploads\/2022\/11\/Marco-aspect-ratio-1-1-1200x1199.png","large-width":1200,"large-height":1199,"1536x1536":"https:\/\/voelkerrechtsblog.org\/wp-content\/uploads\/2022\/11\/Marco-aspect-ratio-1-1-1536x1536.png","1536x1536-width":1536,"1536x1536-height":1536,"2048x2048":"https:\/\/voelkerrechtsblog.org\/wp-content\/uploads\/2022\/11\/Marco-aspect-ratio-1-1-2048x2048.png","2048x2048-width":2048,"2048x2048-height":2048,"2k":"https:\/\/voelkerrechtsblog.org\/wp-content\/uploads\/2022\/11\/Marco-aspect-ratio-1-1-2000x1999.png","2k-width":2000,"2k-height":1999,"1600":"https:\/\/voelkerrechtsblog.org\/wp-content\/uploads\/2022\/11\/Marco-aspect-ratio-1-1.png","1600-width":1600,"1600-height":1599,"small":"https:\/\/voelkerrechtsblog.org\/wp-content\/uploads\/2022\/11\/Marco-aspect-ratio-1-1-375x375.png","small-width":375,"small-height":375,"tyny":"https:\/\/voelkerrechtsblog.org\/wp-content\/uploads\/2022\/11\/Marco-aspect-ratio-1-1-150x150.png","tyny-width":150,"tyny-height":150,"cptm_icon":"https:\/\/voelkerrechtsblog.org\/wp-content\/uploads\/2022\/11\/Marco-aspect-ratio-1-1-16x16.png","cptm_icon-width":16,"cptm_icon-height":16},"original_image":{"ID":18742,"id":18742,"title":"[:en]Marco Sass\u00f2li[:]","filename":"Marco.png","filesize":18897900,"url":"https:\/\/voelkerrechtsblog.org\/wp-content\/uploads\/2022\/11\/Marco.png","link":"https:\/\/voelkerrechtsblog.org\/de\/marco\/","alt":"","author":"15","description":"","caption":"","name":"marco","status":"inherit","uploaded_to":0,"date":"2022-11-10 17:54:22","modified":"2022-11-10 17:54:44","menu_order":0,"mime_type":"image\/png","type":"image","subtype":"png","icon":"https:\/\/voelkerrechtsblog.org\/wp-includes\/images\/media\/default.png","width":6000,"height":4000,"sizes":{"thumbnail":"https:\/\/voelkerrechtsblog.org\/wp-content\/uploads\/2022\/11\/Marco-150x150.png","thumbnail-width":150,"thumbnail-height":150,"medium":"https:\/\/voelkerrechtsblog.org\/wp-content\/uploads\/2022\/11\/Marco-600x400.png","medium-width":600,"medium-height":400,"medium_large":"https:\/\/voelkerrechtsblog.org\/wp-content\/uploads\/2022\/11\/Marco.png","medium_large-width":6000,"medium_large-height":4000,"large":"https:\/\/voelkerrechtsblog.org\/wp-content\/uploads\/2022\/11\/Marco-1200x800.png","large-width":1200,"large-height":800,"1536x1536":"https:\/\/voelkerrechtsblog.org\/wp-content\/uploads\/2022\/11\/Marco-1536x1024.png","1536x1536-width":1536,"1536x1536-height":1024,"2048x2048":"https:\/\/voelkerrechtsblog.org\/wp-content\/uploads\/2022\/11\/Marco-2048x1365.png","2048x2048-width":2048,"2048x2048-height":1365,"2k":"https:\/\/voelkerrechtsblog.org\/wp-content\/uploads\/2022\/11\/Marco-2000x1333.png","2k-width":2000,"2k-height":1333,"1600":"https:\/\/voelkerrechtsblog.org\/wp-content\/uploads\/2022\/11\/Marco.png","1600-width":1600,"1600-height":1067,"small":"https:\/\/voelkerrechtsblog.org\/wp-content\/uploads\/2022\/11\/Marco-375x250.png","small-width":375,"small-height":250,"tyny":"https:\/\/voelkerrechtsblog.org\/wp-content\/uploads\/2022\/11\/Marco-150x100.png","tyny-width":150,"tyny-height":100,"cptm_icon":"https:\/\/voelkerrechtsblog.org\/wp-content\/uploads\/2022\/11\/Marco-16x16.png","cptm_icon-width":16,"cptm_icon-height":16}}},"first_name":"Marco","last_name":"Sass\u00f2li","location":"","short_profile":"<p>Marco Sass\u00f2li is professor of international law at the Faculty of Law of the University of Geneva as well as associate professor at the Universit\u00e9 du Qu\u00e9bec \u00e0 Montr\u00e9al, Canada. He is commissioner of the International Commission of Jurists. From 1985-1997, he worked for the International Committee of the Red Cross (ICRC).<\/p>\n","social_media":[{"network":"Website","url":"https:\/\/www.unige.ch\/droit\/index.php?cID=1038"}]}},"meta_box":[],"_links":{"self":[{"href":"https:\/\/voelkerrechtsblog.org\/de\/wp-json\/wp\/v2\/authors\/3728","targetHints":{"allow":["GET"]}}],"collection":[{"href":"https:\/\/voelkerrechtsblog.org\/de\/wp-json\/wp\/v2\/authors"}],"about":[{"href":"https:\/\/voelkerrechtsblog.org\/de\/wp-json\/wp\/v2\/taxonomies\/authors"}],"wp:post_type":[{"href":"https:\/\/voelkerrechtsblog.org\/de\/wp-json\/wp\/v2\/posts?authors=3728"},{"href":"https:\/\/voelkerrechtsblog.org\/de\/wp-json\/wp\/v2\/articles?authors=3728"}],"curies":[{"name":"wp","href":"https:\/\/api.w.org\/{rel}","templated":true}]}}